{"id":42748,"date":"2021-08-24T12:44:42","date_gmt":"2021-08-24T12:44:42","guid":{"rendered":"http:\/\/www.compasshrg.com\/varehandel-fmcg\/"},"modified":"2025-10-22T09:31:52","modified_gmt":"2025-10-22T07:31:52","slug":"varehandel-fmcg","status":"publish","type":"page","link":"https:\/\/www.compasshrg.com\/no\/bransjer\/varehandel-fmcg\/","title":{"rendered":"Varehandel\/FMCG"},"content":{"rendered":"<p>[et_pb_section fb_built=&raquo;1&#8243; admin_label=&raquo;Seksjon&raquo; _builder_version=&raquo;4.27.4&#8243; _module_preset=&raquo;3bd0c8b5-5eee-4a10-8752-3d3fd0ca5f34&#8243; background_image=&raquo;https:\/\/www.compasshrg.com\/wp-content\/uploads\/2025\/05\/FMCG-og-varehandel-1.jpg&raquo; background_position=&raquo;center&raquo; global_colors_info=&raquo;{}&raquo;][et_pb_row _builder_version=&raquo;4.23.1&#8243; _module_preset=&raquo;default&raquo; global_colors_info=&raquo;{}&raquo;][et_pb_column type=&raquo;4_4&#8243; _builder_version=&raquo;4.23.1&#8243; _module_preset=&raquo;default&raquo; global_colors_info=&raquo;{}&raquo;][et_pb_text _builder_version=&raquo;4.27.4&#8243; _module_preset=&raquo;412f3840-30ae-47e3-b197-7251e39a6048&#8243; max_width=&raquo;50%&raquo; max_width_tablet=&raquo;100%&raquo; max_width_phone=&raquo;100%&raquo; max_width_last_edited=&raquo;on|desktop&raquo; global_colors_info=&raquo;{}&raquo;]<\/p>\n<h5>vi har mer enn 35 \u00e5rs erfaring med rekruttering og headhunting<\/h5>\n<h1><span>Finn talentene som forvandler merkevaren din<\/span><\/h1>\n<p><span>I en verden der forbrukerbransjen og dagligvarehandelen er i konstant bevegelse, trenger du en rekrutteringspartner som ikke bare holder tritt, men som ogs\u00e5 forutser det neste steget.<\/span><\/p>\n<p>[\/et_pb_text][dsm_button button_one_text=&raquo;Kontakt oss&raquo; button_one_url=&raquo;@ET-DC@eyJkeW5hbWljIjp0cnVlLCJjb250ZW50IjoicG9zdF9saW5rX3VybF9wYWdlIiwic2V0dGluZ3MiOnsicG9zdF9pZCI6IjM4NzQifX0=@&raquo; button_two_text=&raquo;Ledige stillinger&raquo; button_two_url=&raquo;@ET-DC@eyJkeW5hbWljIjp0cnVlLCJjb250ZW50IjoicG9zdF9saW5rX3VybF9wYWdlIiwic2V0dGluZ3MiOnsicG9zdF9pZCI6IjM3MTQ0In19@&raquo; _builder_version=&raquo;4.27.4&#8243; _dynamic_attributes=&raquo;button_one_url,button_two_url&raquo; _module_preset=&raquo;default&raquo; global_colors_info=&raquo;{}&raquo;][\/dsm_button][\/et_pb_column][\/et_pb_row][\/et_pb_section][et_pb_section fb_built=&raquo;1&#8243; _builder_version=&raquo;4.27.4&#8243; _module_preset=&raquo;default&raquo; custom_padding=&raquo;||0px|||&raquo; global_colors_info=&raquo;{}&raquo;][et_pb_row _builder_version=&raquo;4.27.4&#8243; _module_preset=&raquo;default&raquo; global_colors_info=&raquo;{}&raquo;][et_pb_column type=&raquo;4_4&#8243; _builder_version=&raquo;4.27.4&#8243; _module_preset=&raquo;default&raquo; global_colors_info=&raquo;{}&raquo;][dsm_image_carousel gallery_ids=&raquo;259382,275546,40900,57672,259362,263587&#8243; dots=&raquo;off&raquo; _builder_version=&raquo;4.27.4&#8243; _module_preset=&raquo;default&raquo; global_colors_info=&raquo;{}&raquo;][\/dsm_image_carousel][\/et_pb_column][\/et_pb_row][\/et_pb_section][et_pb_section fb_built=&raquo;1&#8243; _builder_version=&raquo;4.27.4&#8243; _module_preset=&raquo;default&raquo; background_color=&raquo;#FFFFFF&raquo; background_enable_color=&raquo;on&raquo; custom_margin=&raquo;-51px|||||&raquo; global_colors_info=&raquo;{}&raquo;][et_pb_row column_structure=&raquo;1_2,1_2&#8243; _builder_version=&raquo;4.24.2&#8243; _module_preset=&raquo;default&raquo; global_colors_info=&raquo;{}&raquo;][et_pb_column type=&raquo;1_2&#8243; _builder_version=&raquo;4.24.2&#8243; _module_preset=&raquo;default&raquo; global_colors_info=&raquo;{}&raquo;][et_pb_text _builder_version=&raquo;4.27.4&#8243; _module_preset=&raquo;58e03bbe-09f9-4131-90f8-1da173bab908&#8243; global_colors_info=&raquo;{}&raquo;]<\/p>\n<h5><span>Forbruker og varehandel<\/span><\/h5>\n<h2><span>En bransje i konstant endring<\/span><\/h2>\n<p><span>Din unike situasjon vil alltid v\u00e6re v\u00e5rt utgangspunkt. Vi forst\u00e5r utfordringene du st\u00e5r overfor i forbrukerproduktbransjen. N\u00e5r du samarbeider med oss, f\u00e5r du tilgang til de beste lederne, lederne og spesialistene som raskt kan tilpasse seg og f\u00e5 virksomheten din til \u00e5 vokse, uansett om du er i n\u00e6ringsmiddelbransjen, ikke-n\u00e6ringsmiddelbransjen eller engrosbransjen.<\/span><\/p>\n<p><span>Hos Compass Human Resources Group kan du f\u00e5 hjelp med rekruttering og Executive Search, med spesialisering innen forbrukerprodukter. Vi kjenner bransjen inng\u00e5ende, og hver dag hjelper vi v\u00e5re kunder med \u00e5 finne ledere, mellomledere og spesialister som kan utvikle virksomheten deres og l\u00f8se komplekse utfordringer.<\/span><\/p>\n<p>[\/et_pb_text][\/et_pb_column][et_pb_column type=&raquo;1_2&#8243; _builder_version=&raquo;4.24.2&#8243; _module_preset=&raquo;default&raquo; global_colors_info=&raquo;{}&raquo;][et_pb_image src=&raquo;https:\/\/www.compasshrg.com\/wp-content\/uploads\/2024\/07\/Oyvind-Skarholt-OS-OS-2-1.jpg&raquo; title_text=&raquo;\u00d8yvind Skarholt OS \u00d8S (2)&raquo; _builder_version=&raquo;4.27.4&#8243; _module_preset=&raquo;default&raquo; max_width=&raquo;300px&raquo; module_alignment=&raquo;center&raquo; custom_margin=&raquo;||1rem||false|false&raquo; custom_padding=&raquo;||||false|false&raquo; global_colors_info=&raquo;{}&raquo;][\/et_pb_image][et_pb_text _builder_version=&raquo;4.27.4&#8243; _module_preset=&raquo;default&raquo; text_font=&raquo;|800|||||||&raquo; text_text_color=&raquo;#1EAEE2&#8243; text_orientation=&raquo;center&raquo; global_colors_info=&raquo;{}&raquo;]<\/p>\n<p>\u00d8yvind Skarholt<br \/>Partner &amp; bransjeleder Forbruker og varehandel<\/p>\n<p>[\/et_pb_text][et_pb_button button_url=&raquo;https:\/\/www.compasshrg.com\/no\/mot-teamet-vart\/oyvind-skarholt\/&raquo; button_text=&raquo;kontakt meg&raquo; button_alignment=&raquo;center&raquo; _builder_version=&raquo;4.27.4&#8243; _module_preset=&raquo;default&raquo; background_layout=&raquo;dark&raquo; global_colors_info=&raquo;{}&raquo;][\/et_pb_button][\/et_pb_column][\/et_pb_row][\/et_pb_section][et_pb_section fb_built=&raquo;1&#8243; _builder_version=&raquo;4.24.2&#8243; _module_preset=&raquo;b335d9de-b9e2-491f-bf33-2a24a42efa8f&raquo; global_colors_info=&raquo;{}&raquo;][et_pb_row column_structure=&raquo;1_3,1_3,1_3&#8243; _builder_version=&raquo;4.23.1&#8243; _module_preset=&raquo;default&raquo; global_colors_info=&raquo;{}&raquo;][et_pb_column type=&raquo;1_3&#8243; _builder_version=&raquo;4.23.1&#8243; _module_preset=&raquo;default&raquo; global_colors_info=&raquo;{}&raquo;][et_pb_blurb title=&raquo;Inng\u00e5ende kunnskap om bransjens utfordringer&raquo; use_icon=&raquo;on&raquo; font_icon=&raquo;&#x4e;||divi||400&#8243; _builder_version=&raquo;4.27.4&#8243; _module_preset=&raquo;b46ef01f-9167-4624-bf1b-306a68219a00&#8243; global_colors_info=&raquo;{}&raquo;]<\/p>\n<p><span>Vi kjenner bransjen og vet hvilke parametere som tiltrekker de beste kandidatene til en bransje i vekst.<\/span><\/p>\n<p>[\/et_pb_blurb][\/et_pb_column][et_pb_column type=&raquo;1_3&#8243; _builder_version=&raquo;4.23.1&#8243; _module_preset=&raquo;default&raquo; global_colors_info=&raquo;{}&raquo;][et_pb_blurb title=&raquo;Identifisering av spesialistkompetanse&raquo; use_icon=&raquo;on&raquo; font_icon=&raquo;&#x4e;||divi||400&#8243; _builder_version=&raquo;4.27.4&#8243; _module_preset=&raquo;b46ef01f-9167-4624-bf1b-306a68219a00&#8243; global_colors_info=&raquo;{}&raquo;]<\/p>\n<p><span>Vi finner de beste kandidatene med den mest spesialiserte kompetansen \u2013 og s\u00f8ker b\u00e5de nasjonalt og internasjonalt.<\/span><\/p>\n<p>[\/et_pb_blurb][\/et_pb_column][et_pb_column type=&raquo;1_3&#8243; _builder_version=&raquo;4.23.1&#8243; _module_preset=&raquo;default&raquo; global_colors_info=&raquo;{}&raquo;][et_pb_blurb title=&raquo;Kandidatatferd&raquo; use_icon=&raquo;on&raquo; font_icon=&raquo;&#x4e;||divi||400&#8243; _builder_version=&raquo;4.27.4&#8243; _module_preset=&raquo;b46ef01f-9167-4624-bf1b-306a68219a00&#8243; global_colors_info=&raquo;{}&raquo;]<\/p>\n<p><span>V\u00e5re metoder tar hensyn til endringer i kandidatenes atferd, slik at vi alltid er klar over hva som er viktigst, samt hvilke motivasjonsfaktorer som gjelder for kandidatene.<\/span><\/p>\n<p>[\/et_pb_blurb][\/et_pb_column][\/et_pb_row][\/et_pb_section][et_pb_section fb_built=&raquo;1&#8243; admin_label=&raquo;Norwegian Teams Slider&raquo; _builder_version=&raquo;4.27.4&#8243; _module_preset=&raquo;default&raquo; global_module=&raquo;266481&#8243; saved_tabs=&raquo;all&raquo; locked=&raquo;off&raquo; global_colors_info=&raquo;{}&raquo;][et_pb_row _builder_version=&raquo;4.23.1&#8243; _module_preset=&raquo;b403e8df-eb65-43cf-83e7-2f803c26a8bd&raquo; global_colors_info=&raquo;{}&raquo;][et_pb_column type=&raquo;4_4&#8243; _builder_version=&raquo;4.23.1&#8243; _module_preset=&raquo;default&raquo; global_colors_info=&raquo;{}&raquo;][et_pb_text _builder_version=&raquo;4.27.4&#8243; _module_preset=&raquo;58e03bbe-09f9-4131-90f8-1da173bab908&#8243; text_font=&raquo;Lato|300|||||||&raquo; text_letter_spacing=&raquo;0.5px&raquo; text_line_height=&raquo;1.8em&raquo; header_2_font=&raquo;|700|||||||&raquo; header_2_font_size=&raquo;38px&raquo; header_2_letter_spacing=&raquo;1px&raquo; header_2_line_height=&raquo;1.4em&raquo; header_3_font=&raquo;Lato|900||on|||||&raquo; header_3_text_color=&raquo;#1EAEE2&#8243; header_3_font_size=&raquo;13px&raquo; header_3_letter_spacing=&raquo;1px&raquo; header_3_line_height=&raquo;2em&raquo; text_orientation=&raquo;center&raquo; module_alignment=&raquo;center&raquo; global_colors_info=&raquo;{}&raquo;]<\/p>\n<h2>V\u00e5rt team<\/h2>\n<p>Vi lytter til kundene v\u00e5re, og stiller sp\u00f8rsm\u00e5l for \u00e5 forst\u00e5 b\u00e5de utfordringer og fremtidige muligheter. Det ser ut til \u00e5 v\u00e6re en vinnerformel, og vi er stolte over at kundene kommer tilbake til oss. Vi h\u00e5per \u00e5 kunne dele de samme erfaringene med organisasjonen din. La oss v\u00e6re dine betrodde r\u00e5dgivere.<\/p>\n<p>[\/et_pb_text][\/et_pb_column][\/et_pb_row][et_pb_row _builder_version=&raquo;4.24.2&#8243; _module_preset=&raquo;default&raquo; width=&raquo;100%&raquo; max_width=&raquo;100%&raquo; custom_padding=&raquo;1%||1%||true|false&raquo; global_colors_info=&raquo;{}&raquo;][et_pb_column type=&raquo;4_4&#8243; _builder_version=&raquo;4.24.2&#8243; _module_preset=&raquo;default&raquo; global_colors_info=&raquo;{}&raquo;][et_pb_code _builder_version=&raquo;4.24.2&#8243; _module_preset=&raquo;default&raquo; global_colors_info=&raquo;{}&raquo;]<link<!-- [et_pb_line_break_holder] --> rel=&raquo;stylesheet&raquo;<!-- [et_pb_line_break_holder] --> href=&raquo;https:\/\/cdn.jsdelivr.net\/npm\/swiper@11\/swiper-bundle.min.css&raquo;<!-- [et_pb_line_break_holder] -->\/><!-- [et_pb_line_break_holder] --><div class=\"swiper mySwiper\"><div class=\"swiper-wrapper centered-wrapper\"><div class=\"swiper-slide swiper-slider-style\" style=\"--bgi: url(https:\/\/www.compasshrg.com\/wp-content\/uploads\/2023\/10\/Stein-Sverre-Wold-SSW.png);\"><div data-location=\"https:\/\/www.compasshrg.com\/no\/om-compass\/vare-eksperter\/stein-sverre-wold\/\" class=\"team-grid-inner\"><div data-location=\"https:\/\/www.compasshrg.com\/no\/om-compass\/vare-eksperter\/stein-sverre-wold\/\" class=\"team-slider-content\"><h4 data-location=\"https:\/\/www.compasshrg.com\/no\/om-compass\/vare-eksperter\/stein-sverre-wold\/\">Stein-Sverre Wold\u2192<\/h4><div data-location=\"https:\/\/www.compasshrg.com\/no\/om-compass\/vare-eksperter\/stein-sverre-wold\/\" class=\"position\">Partner<\/div><a href=\"mailto:ssw@compass.no\">ssw@compass.no<\/a><div><a href=\"tel:+47 906 88 270  \">+47 906 88 270  <\/a><\/div><\/div><\/div><\/div><div class=\"swiper-slide swiper-slider-style\" style=\"--bgi: url(https:\/\/www.compasshrg.com\/wp-content\/uploads\/2023\/10\/Arnt-Molvig-AHM.jpg);\"><div data-location=\"https:\/\/www.compasshrg.com\/no\/om-compass\/vare-eksperter\/arnt-havard-molvig\/\" class=\"team-grid-inner\"><div data-location=\"https:\/\/www.compasshrg.com\/no\/om-compass\/vare-eksperter\/arnt-havard-molvig\/\" class=\"team-slider-content\"><h4 data-location=\"https:\/\/www.compasshrg.com\/no\/om-compass\/vare-eksperter\/arnt-havard-molvig\/\">Arnt H\u00e5vard Molvig\u2192<\/h4><div data-location=\"https:\/\/www.compasshrg.com\/no\/om-compass\/vare-eksperter\/arnt-havard-molvig\/\" class=\"position\">Managing Partner<\/div><a href=\"mailto:ahm@compass.no\">ahm@compass.no<\/a><div><a href=\"tel:+47 934 40 805  \">+47 934 40 805  <\/a><\/div><\/div><\/div><\/div><\/div><div class=\"swiper-button-prev\"><\/div><div class=\"swiper-button-next\"><\/div><\/div><!-- [et_pb_line_break_holder] --><!-- [et_pb_line_break_holder] --><script src=\"https:\/\/cdn.jsdelivr.net\/npm\/swiper@11\/swiper-bundle.min.js\"><\/script><!-- [et_pb_line_break_holder] --><!-- [et_pb_line_break_holder] --><script><!-- [et_pb_line_break_holder] -->let swiper = new Swiper('.mySwiper', {<!-- [et_pb_line_break_holder] -->  \/\/ Optional parameters<!-- [et_pb_line_break_holder] -->   autoplay: {<!-- [et_pb_line_break_holder] -->     delay: 5000,<!-- [et_pb_line_break_holder] -->   },<!-- [et_pb_line_break_holder] -->  slidesPerView: 1,<!-- [et_pb_line_break_holder] -->  spaceBetween:0,<!-- [et_pb_line_break_holder] -->  loop: true,<!-- [et_pb_line_break_holder] -->  navigation: {<!-- [et_pb_line_break_holder] -->    nextEl: '.swiper-button-next',<!-- [et_pb_line_break_holder] -->    prevEl: '.swiper-button-prev',<!-- [et_pb_line_break_holder] -->  },<!-- [et_pb_line_break_holder] -->  breakpoints:{<!-- [et_pb_line_break_holder] -->    480:{<!-- [et_pb_line_break_holder] -->      slidesPerView: 2,<!-- [et_pb_line_break_holder] -->    },<!-- [et_pb_line_break_holder] -->    980:{<!-- [et_pb_line_break_holder] -->      slidesPerView: 3,<!-- [et_pb_line_break_holder] -->    },  <!-- [et_pb_line_break_holder] -->    1180:{<!-- [et_pb_line_break_holder] -->      slidesPerView: 4,<!-- [et_pb_line_break_holder] -->    },<!-- [et_pb_line_break_holder] -->  }<!-- [et_pb_line_break_holder] -->});<!-- [et_pb_line_break_holder] --><\/script>[\/et_pb_code][\/et_pb_column][\/et_pb_row][et_pb_row _builder_version=&raquo;4.23.1&#8243; _module_preset=&raquo;b403e8df-eb65-43cf-83e7-2f803c26a8bd&raquo; global_colors_info=&raquo;{}&raquo;][et_pb_column type=&raquo;4_4&#8243; _builder_version=&raquo;4.23.1&#8243; _module_preset=&raquo;default&raquo; global_colors_info=&raquo;{}&raquo;][et_pb_button button_url=&raquo;\/no\/mot-teamet-vart&raquo; button_text=&raquo;M\u00f8t teamet v\u00e5rt&raquo; button_alignment=&raquo;center&raquo; _builder_version=&raquo;4.27.4&#8243; _module_preset=&raquo;0b42114b-4eae-44d0-b289-9382e7907bd4&#8243; custom_margin=&raquo;0rem||||false|false&raquo; global_colors_info=&raquo;{}&raquo;][\/et_pb_button][\/et_pb_column][\/et_pb_row][\/et_pb_section][et_pb_section fb_built=&raquo;1&#8243; _builder_version=&raquo;4.23.1&#8243; _module_preset=&raquo;default&raquo; background_color=&raquo;#E8F7FC&raquo; background_enable_color=&raquo;on&raquo; global_colors_info=&raquo;{}&raquo;][et_pb_row column_structure=&raquo;1_3,1_3,1_3&#8243; make_equal=&raquo;on&raquo; _builder_version=&raquo;4.23.1&#8243; _module_preset=&raquo;default&raquo; global_colors_info=&raquo;{}&raquo;][et_pb_column type=&raquo;1_3&#8243; _builder_version=&raquo;4.23.1&#8243; _module_preset=&raquo;935c9086-05c2-452f-b8aa-49453f3a6923&#8243; global_colors_info=&raquo;{}&raquo;][et_pb_image src=&raquo;https:\/\/www.compasshrg.com\/wp-content\/uploads\/2023\/04\/management-team-recruitment.webp&raquo; title_text=&raquo;management team recruitment&raquo; force_fullwidth=&raquo;on&raquo; _builder_version=&raquo;4.27.4&#8243; _module_preset=&raquo;default&raquo; custom_margin=&raquo;0px|0px|0px|0px|true|true&raquo; custom_padding=&raquo;0px|0px|0px|0px|true|true&raquo; global_colors_info=&raquo;{}&raquo;][\/et_pb_image][et_pb_text _builder_version=&raquo;4.27.4&#8243; _module_preset=&raquo;58e03bbe-09f9-4131-90f8-1da173bab908&#8243; header_3_font=&raquo;|800||on|||||&raquo; header_3_text_color=&raquo;#1EAEE2&#8243; header_3_font_size=&raquo;18px&raquo; custom_margin=&raquo;||1rem||false|false&raquo; custom_padding=&raquo;2rem|2rem|0px|2rem|false|true&raquo; global_colors_info=&raquo;{}&raquo;]<\/p>\n<h3 class=\"entry-title\">Fremtidssikre organisasjonen din: styrk ledergruppen med executive search<\/h3>\n<p><span>For \u00e5 skape en vellykket ledergruppe er det viktig ikke bare \u00e5 fokusere p\u00e5 utvikling av eksisterende ledere, men ogs\u00e5 i stor grad p\u00e5 strategisk tilf\u00f8rsel av ny kompetanse som kan styrke teamet b\u00e5de n\u00e5 og i fremtiden.<\/span><\/p>\n<p>[\/et_pb_text][et_pb_text _builder_version=&raquo;4.27.4&#8243; _module_preset=&raquo;58e03bbe-09f9-4131-90f8-1da173bab908&#8243; text_font=&raquo;|800|||||||&raquo; header_3_font=&raquo;|800||on|||||&raquo; header_3_text_color=&raquo;#1EAEE2&#8243; header_3_font_size=&raquo;18px&raquo; custom_padding=&raquo;0px|2rem|2rem|2rem|false|true&raquo; global_colors_info=&raquo;{}&raquo;]<\/p>\n<p><a href=\"https:\/\/www.compasshrg.com\/no\/blog\/fremtidssikre-organisasjonen-din\/\">Les mer \u2192<\/a><\/p>\n<p>[\/et_pb_text][\/et_pb_column][et_pb_column type=&raquo;1_3&#8243; _builder_version=&raquo;4.23.1&#8243; _module_preset=&raquo;935c9086-05c2-452f-b8aa-49453f3a6923&#8243; global_colors_info=&raquo;{}&raquo;][et_pb_image src=&raquo;https:\/\/www.compasshrg.com\/wp-content\/uploads\/2024\/01\/billede_artikelserie_del-2.webp&raquo; alt=&raquo;Expertise in Interim Management&raquo; title_text=&raquo;billede_artikelserie_del 2&#8243; force_fullwidth=&raquo;on&raquo; _builder_version=&raquo;4.24.2&#8243; _module_preset=&raquo;default&raquo; custom_margin=&raquo;0px|0px|0px|0px|true|true&raquo; custom_padding=&raquo;0px|0px|0px|0px|true|true&raquo; global_colors_info=&raquo;{}&raquo;][\/et_pb_image][et_pb_text _builder_version=&raquo;4.27.4&#8243; _module_preset=&raquo;58e03bbe-09f9-4131-90f8-1da173bab908&#8243; header_3_font=&raquo;|800||on|||||&raquo; header_3_text_color=&raquo;#1EAEE2&#8243; header_3_font_size=&raquo;18px&raquo; custom_margin=&raquo;||1rem||false|false&raquo; custom_padding=&raquo;2rem|2rem|0px|2rem|false|true&raquo; global_colors_info=&raquo;{}&raquo;]<\/p>\n<h3 class=\"entry-title\">Hvor plasserer du \u00abb\u00e6rekraftspoteten\u00bb i din organisasjon?<\/h3>\n<p>B\u00e6rekraft er blitt noe \u201calle\u201d tenker p\u00e5, mange prater om, og stadig flere gj\u00f8r noe med. Hvor skal b\u00e6rekraft ligge i organisasjonen?<\/p>\n<p>[\/et_pb_text][et_pb_text _builder_version=&raquo;4.27.4&#8243; _module_preset=&raquo;58e03bbe-09f9-4131-90f8-1da173bab908&#8243; text_font=&raquo;|800|||||||&raquo; header_3_font=&raquo;|800||on|||||&raquo; header_3_text_color=&raquo;#1EAEE2&#8243; header_3_font_size=&raquo;18px&raquo; custom_padding=&raquo;0px|2rem|2rem|2rem|false|true&raquo; global_colors_info=&raquo;{}&raquo;]<\/p>\n<p><a href=\"https:\/\/www.compasshrg.com\/no\/blog\/hvor-plasserer-du-baerekraftspoteten-i-din-organisasjon\/\">Les mer \u2192<\/a><\/p>\n<p>[\/et_pb_text][\/et_pb_column][et_pb_column type=&raquo;1_3&#8243; _builder_version=&raquo;4.23.1&#8243; _module_preset=&raquo;935c9086-05c2-452f-b8aa-49453f3a6923&#8243; global_colors_info=&raquo;{}&raquo;][et_pb_image src=&raquo;https:\/\/www.compasshrg.com\/wp-content\/uploads\/2023\/09\/Escalia-OSAKA-EIK-SNoHVIT-12788564_1920.jpg&raquo; alt=&raquo;Escalia OSAKA-EIK-SNoHVIT-12788564_1920 hagen trapp&raquo; title_text=&raquo;Escalia OSAKA-EIK-SNoHVIT-12788564_1920 hagen&raquo; force_fullwidth=&raquo;on&raquo; _builder_version=&raquo;4.27.4&#8243; _module_preset=&raquo;default&raquo; custom_margin=&raquo;0px|0px|0px|0px|true|true&raquo; custom_padding=&raquo;0px|0px|0px|0px|true|true&raquo; global_colors_info=&raquo;{}&raquo;][\/et_pb_image][et_pb_text _builder_version=&raquo;4.27.4&#8243; _module_preset=&raquo;58e03bbe-09f9-4131-90f8-1da173bab908&#8243; header_3_font=&raquo;|800||on|||||&raquo; header_3_text_color=&raquo;#1EAEE2&#8243; header_3_font_size=&raquo;18px&raquo; custom_margin=&raquo;||1rem||false|false&raquo; custom_padding=&raquo;2rem|2rem|0px|2rem|false|true&raquo; global_colors_info=&raquo;{}&raquo;]<\/p>\n<h3 class=\"entry-title\">Hagen AS fortsetter samarbeidet med Compass<\/h3>\n<p><span>Compass HRG har bist\u00e5tt Hagen AS med \u00e5 rekruttere salgssjef\/salgsdirekt\u00f8r, noe som resulterte i en vellykket opplevelse. Tidligere har Compass bist\u00e5tt Hagen ved rekruttering av blant annet selgere og regionssjef.\u00a0<\/span><\/p>\n<p>[\/et_pb_text][et_pb_text _builder_version=&raquo;4.27.4&#8243; _module_preset=&raquo;58e03bbe-09f9-4131-90f8-1da173bab908&#8243; text_font=&raquo;|800|||||||&raquo; header_3_font=&raquo;|800||on|||||&raquo; header_3_text_color=&raquo;#1EAEE2&#8243; header_3_font_size=&raquo;18px&raquo; custom_padding=&raquo;0px|2rem|2rem|2rem|false|true&raquo; global_colors_info=&raquo;{}&raquo;]<\/p>\n<p><a href=\"https:\/\/www.compasshrg.com\/no\/blog\/hagen-as-fortsetter-samarbeidet-med-compass-ny-salgsdirektor-er-pa-plass\/\">Les mer \u2192<\/a><\/p>\n<p>[\/et_pb_text][\/et_pb_column][\/et_pb_row][\/et_pb_section][et_pb_section fb_built=&raquo;1&#8243; _builder_version=&raquo;4.23.1&#8243; _module_preset=&raquo;b335d9de-b9e2-491f-bf33-2a24a42efa8f&raquo; background_color=&raquo;#1EAEE2&#8243; background_enable_color=&raquo;on&raquo; global_colors_info=&raquo;{}&raquo;][et_pb_row _builder_version=&raquo;4.23.1&#8243; _module_preset=&raquo;b403e8df-eb65-43cf-83e7-2f803c26a8bd&raquo; global_colors_info=&raquo;{}&raquo;][et_pb_column type=&raquo;4_4&#8243; _builder_version=&raquo;4.23.1&#8243; _module_preset=&raquo;default&raquo; global_colors_info=&raquo;{}&raquo;][et_pb_blurb image=&raquo;https:\/\/www.compasshrg.com\/wp-content\/uploads\/2021\/05\/logo-arrow-icon-white.png&raquo; _builder_version=&raquo;4.27.4&#8243; _module_preset=&raquo;ce72fd89-6806-4821-a49c-5f159f28acc3&#8243; custom_css_free_form=&raquo;selector {||  min-height: auto !important;||}&raquo; global_colors_info=&raquo;{}&raquo;]<\/p>\n<p><span>Rekruttering er en kompleks og tidkrevende prosess.<\/span><\/p>\n<p><span>Med v\u00e5r erfaring og innsikt kan vi hjelpe deg med \u00e5 gjennomf\u00f8re en effektiv rekrutteringsprosess og identifisere den rette kandidaten.<\/span><\/p>\n<p>[\/et_pb_blurb][\/et_pb_column][\/et_pb_row][\/et_pb_section][et_pb_section fb_built=&raquo;1&#8243; admin_label=&raquo;Contact section &#8211; NO&raquo; module_id=&raquo;kontaktosform&raquo; _builder_version=&raquo;4.25.2&#8243; _module_preset=&raquo;default&raquo; saved_tabs=&raquo;all&raquo; locked=&raquo;off&raquo; collapsed=&raquo;off&raquo; global_colors_info=&raquo;{}&raquo;][et_pb_row column_structure=&raquo;3_5,2_5&#8243; _builder_version=&raquo;4.23.1&#8243; _module_preset=&raquo;default&raquo; global_colors_info=&raquo;{}&raquo;][et_pb_column type=&raquo;3_5&#8243; _builder_version=&raquo;4.16&#8243; _module_preset=&raquo;default&raquo; global_colors_info=&raquo;{}&raquo;][et_pb_text _builder_version=&raquo;4.27.4&#8243; _module_preset=&raquo;58e03bbe-09f9-4131-90f8-1da173bab908&#8243; locked=&raquo;off&raquo; global_colors_info=&raquo;{}&raquo;]<\/p>\n<h2>Kontakt oss<\/h2>\n<p>Har du sp\u00f8rsm\u00e5l eller trenger hjelp til rekruttering, vennligst ta kontakt med oss. Fyll ut skjemaet, s\u00e5 kommer vi tilbake til deg innen 24 timer. Ellers kan du ringe oss p\u00e5 <a href=\"tel:+4722007700\">+47 22 00 77 00.<\/a><\/p>\n<p>[\/et_pb_text][et_pb_code _builder_version=&raquo;4.25.2&#8243; _module_preset=&raquo;default&raquo; global_colors_info=&raquo;{}&raquo;]<script charset=\"utf-8\" type=\"text\/javascript\" src=\"\/\/js.hsforms.net\/forms\/v2.js\"><\/script><!-- [et_pb_line_break_holder] --><script><!-- [et_pb_line_break_holder] -->  hbspt.forms.create({<!-- [et_pb_line_break_holder] -->region: \"na1\",<!-- [et_pb_line_break_holder] -->portalId: \"19512017\",<!-- [et_pb_line_break_holder] -->formId: \"de9d41ad-7c42-4ad0-b0d0-73842714ec7f\"<!-- [et_pb_line_break_holder] -->});<!-- [et_pb_line_break_holder] --><\/script>[\/et_pb_code][\/et_pb_column][et_pb_column type=&raquo;2_5&#8243; _builder_version=&raquo;4.23.1&#8243; _module_preset=&raquo;default&raquo; background_color=&raquo;#1EAEE2&#8243; background_image=&raquo;https:\/\/www.compasshrg.com\/wp-content\/uploads\/2023\/12\/big-c-arrow-banner.jpg&raquo; custom_padding=&raquo;80px|60px|80px|60px|true|true&raquo; global_colors_info=&raquo;{}&raquo;][et_pb_text module_class=&raquo;white-a-tag&raquo; _builder_version=&raquo;4.27.0&#8243; text_font=&raquo;Lato|300|||||||&raquo; text_text_color=&raquo;#FFFFFF&raquo; text_font_size=&raquo;18px&raquo; text_line_height=&raquo;1.8em&raquo; header_text_color=&raquo;#FFFFFF&raquo; header_2_font=&raquo;|700|||||||&raquo; header_2_text_color=&raquo;#FFFFFF&raquo; header_2_font_size=&raquo;38px&raquo; custom_padding=&raquo;|1rem|||false|false&raquo; animation_style=&raquo;slide&raquo; animation_direction=&raquo;bottom&raquo; custom_css_free_form=&raquo;selector a {||  color:#fff;||}&raquo; locked=&raquo;off&raquo; global_colors_info=&raquo;{}&raquo;]<\/p>\n<h2>Norge<\/h2>\n<p>[\/et_pb_text][et_pb_text module_class=&raquo;white-a-tag&raquo; _builder_version=&raquo;4.27.4&#8243; text_font=&raquo;Lato|300|||||||&raquo; text_text_color=&raquo;#FFFFFF&raquo; text_font_size=&raquo;18px&raquo; text_line_height=&raquo;1.8em&raquo; header_text_color=&raquo;#FFFFFF&raquo; header_2_font=&raquo;|700|||||||&raquo; header_2_text_color=&raquo;#FFFFFF&raquo; header_2_font_size=&raquo;38px&raquo; custom_padding=&raquo;|1rem|||false|false&raquo; animation_style=&raquo;slide&raquo; animation_direction=&raquo;bottom&raquo; custom_css_free_form=&raquo;selector a {||  color:#fff;||}&raquo; locked=&raquo;off&raquo; global_colors_info=&raquo;{}&raquo;]<\/p>\n<p>\u200b<strong>Bes\u00f8ks-og postadresse<\/strong><br \/>Stenersgata 2<br \/>0184 Oslo<\/p>\n<p><strong>E-post og telefon<\/strong><br \/><a href=\"tel:+4722007700\">+47 22 00 77 00<\/a><br \/><a href=\"mailto:mail@compass.no\">mail@compass.no<\/a><\/p>\n<p><strong>Fakturaer<br \/><\/strong>EHF: 975911195<br \/>PDF: <a href=\"mailto:compasshumanresourcesas@ebilag.com\">compasshumanresourcesas@ebilag.com<\/a><\/p>\n<p>[\/et_pb_text][\/et_pb_column][\/et_pb_row][\/et_pb_section]<\/p>\n","protected":false},"excerpt":{"rendered":"<p>[et_pb_section fb_built=&raquo;1&#8243; admin_label=&raquo;Seksjon&raquo; _builder_version=&raquo;4.27.4&#8243; _module_preset=&raquo;3bd0c8b5-5eee-4a10-8752-3d3fd0ca5f34&#8243; background_image=&raquo;https:\/\/www.compasshrg.com\/wp-content\/uploads\/2025\/05\/FMCG-og-varehandel-1.jpg&raquo; background_position=&raquo;center&raquo; global_colors_info=&raquo;{}&raquo;][et_pb_row _builder_version=&raquo;4.23.1&#8243; _module_preset=&raquo;default&raquo; global_colors_info=&raquo;{}&raquo;][et_pb_column type=&raquo;4_4&#8243; _builder_version=&raquo;4.23.1&#8243; _module_preset=&raquo;default&raquo; global_colors_info=&raquo;{}&raquo;][et_pb_text _builder_version=&raquo;4.27.4&#8243; _module_preset=&raquo;412f3840-30ae-47e3-b197-7251e39a6048&#8243; max_width=&raquo;50%&raquo; max_width_tablet=&raquo;100%&raquo; max_width_phone=&raquo;100%&raquo; max_width_last_edited=&raquo;on|desktop&raquo; global_colors_info=&raquo;{}&raquo;] vi har mer enn 35 \u00e5rs erfaring med rekruttering og headhunting Finn talentene som forvandler merkevaren din I en verden der forbrukerbransjen og dagligvarehandelen er i konstant bevegelse, trenger du en rekrutteringspartner som [&hellip;]<\/p>\n","protected":false},"author":60,"featured_media":52637,"parent":42721,"menu_order":0,"comment_status":"closed","ping_status":"closed","template":"","meta":{"_acf_changed":false,"_et_pb_use_builder":"on","_et_pb_old_content":"","_et_gb_content_width":"","om_disable_all_campaigns":false,"inline_featured_image":false,"_uf_show_specific_survey":0,"_uf_disable_surveys":false,"footnotes":""},"class_list":["post-42748","page","type-page","status-publish","has-post-thumbnail","hentry"],"acf":[],"yoast_head":"<!-- This site is optimized with the Yoast SEO plugin v27.1.1 - https:\/\/yoast.com\/product\/yoast-seo-wordpress\/ -->\n<title>Rekruttering til forbruker- og varehandelsbransjen<\/title>\n<meta name=\"description\" content=\"Bruk v\u00e5r ekspertise og erfaring til \u00e5 rekruttere og beholde de beste lederne, interimlederne og spesialistene innen varehandel og FMCG.\" \/>\n<meta name=\"robots\" content=\"index, follow, max-snippet:-1, max-image-preview:large, max-video-preview:-1\" \/>\n<link rel=\"canonical\" href=\"https:\/\/www.compasshrg.com\/no\/bransjer\/varehandel-fmcg\/\" \/>\n<meta property=\"og:locale\" content=\"nb_NO\" \/>\n<meta property=\"og:type\" content=\"article\" \/>\n<meta property=\"og:title\" content=\"Rekruttering til forbruker- og varehandelsbransjen\" \/>\n<meta property=\"og:description\" content=\"Bruk v\u00e5r ekspertise og erfaring til \u00e5 rekruttere og beholde de beste lederne, interimlederne og spesialistene innen varehandel og FMCG.\" \/>\n<meta property=\"og:url\" content=\"https:\/\/www.compasshrg.com\/no\/bransjer\/varehandel-fmcg\/\" \/>\n<meta property=\"og:site_name\" content=\"Compass HRG\" \/>\n<meta property=\"article:publisher\" content=\"https:\/\/www.facebook.com\/compasshrgdk\" \/>\n<meta property=\"article:modified_time\" content=\"2025-10-22T07:31:52+00:00\" \/>\n<meta property=\"og:image\" content=\"https:\/\/www.compasshrg.com\/wp-content\/uploads\/2021\/10\/job_consumer-goods_01.jpg\" \/>\n\t<meta property=\"og:image:width\" content=\"1920\" \/>\n\t<meta property=\"og:image:height\" content=\"500\" \/>\n\t<meta property=\"og:image:type\" content=\"image\/jpeg\" \/>\n<meta name=\"twitter:card\" content=\"summary_large_image\" \/>\n<meta name=\"twitter:label1\" content=\"Ansl. lesetid\" \/>\n\t<meta name=\"twitter:data1\" content=\"5 minutter\" \/>\n<script type=\"application\/ld+json\" class=\"yoast-schema-graph\">{\"@context\":\"https:\/\/schema.org\",\"@graph\":[{\"@type\":\"WebPage\",\"@id\":\"https:\/\/www.compasshrg.com\/no\/bransjer\/varehandel-fmcg\/\",\"url\":\"https:\/\/www.compasshrg.com\/no\/bransjer\/varehandel-fmcg\/\",\"name\":\"Rekruttering til forbruker- og varehandelsbransjen\",\"isPartOf\":{\"@id\":\"https:\/\/www.compasshrg.com\/no\/#website\"},\"primaryImageOfPage\":{\"@id\":\"https:\/\/www.compasshrg.com\/no\/bransjer\/varehandel-fmcg\/#primaryimage\"},\"image\":{\"@id\":\"https:\/\/www.compasshrg.com\/no\/bransjer\/varehandel-fmcg\/#primaryimage\"},\"thumbnailUrl\":\"https:\/\/www.compasshrg.com\/wp-content\/uploads\/2021\/10\/job_consumer-goods_01.jpg\",\"datePublished\":\"2021-08-24T12:44:42+00:00\",\"dateModified\":\"2025-10-22T07:31:52+00:00\",\"description\":\"Bruk v\u00e5r ekspertise og erfaring til \u00e5 rekruttere og beholde de beste lederne, interimlederne og spesialistene innen varehandel og FMCG.\",\"breadcrumb\":{\"@id\":\"https:\/\/www.compasshrg.com\/no\/bransjer\/varehandel-fmcg\/#breadcrumb\"},\"inLanguage\":\"nb-NO\",\"potentialAction\":[{\"@type\":\"ReadAction\",\"target\":[\"https:\/\/www.compasshrg.com\/no\/bransjer\/varehandel-fmcg\/\"]}]},{\"@type\":\"ImageObject\",\"inLanguage\":\"nb-NO\",\"@id\":\"https:\/\/www.compasshrg.com\/no\/bransjer\/varehandel-fmcg\/#primaryimage\",\"url\":\"https:\/\/www.compasshrg.com\/wp-content\/uploads\/2021\/10\/job_consumer-goods_01.jpg\",\"contentUrl\":\"https:\/\/www.compasshrg.com\/wp-content\/uploads\/2021\/10\/job_consumer-goods_01.jpg\",\"width\":1920,\"height\":500},{\"@type\":\"BreadcrumbList\",\"@id\":\"https:\/\/www.compasshrg.com\/no\/bransjer\/varehandel-fmcg\/#breadcrumb\",\"itemListElement\":[{\"@type\":\"ListItem\",\"position\":1,\"name\":\"Compass HRG\",\"item\":\"https:\/\/www.compasshrg.com\/no\/\"},{\"@type\":\"ListItem\",\"position\":2,\"name\":\"Varehandel\/FMCG\"}]},{\"@type\":\"WebSite\",\"@id\":\"https:\/\/www.compasshrg.com\/no\/#website\",\"url\":\"https:\/\/www.compasshrg.com\/no\/\",\"name\":\"Compass HRG\",\"description\":\"Your HR Service Partner\",\"publisher\":{\"@id\":\"https:\/\/www.compasshrg.com\/no\/#organization\"},\"potentialAction\":[{\"@type\":\"SearchAction\",\"target\":{\"@type\":\"EntryPoint\",\"urlTemplate\":\"https:\/\/www.compasshrg.com\/no\/?s={search_term_string}\"},\"query-input\":{\"@type\":\"PropertyValueSpecification\",\"valueRequired\":true,\"valueName\":\"search_term_string\"}}],\"inLanguage\":\"nb-NO\"},{\"@type\":\"Organization\",\"@id\":\"https:\/\/www.compasshrg.com\/no\/#organization\",\"name\":\"Compass HRG\",\"url\":\"https:\/\/www.compasshrg.com\/no\/\",\"logo\":{\"@type\":\"ImageObject\",\"inLanguage\":\"nb-NO\",\"@id\":\"https:\/\/www.compasshrg.com\/no\/#\/schema\/logo\/image\/\",\"url\":\"\",\"contentUrl\":\"\",\"caption\":\"Compass HRG\"},\"image\":{\"@id\":\"https:\/\/www.compasshrg.com\/no\/#\/schema\/logo\/image\/\"},\"sameAs\":[\"https:\/\/www.facebook.com\/compasshrgdk\"]}]}<\/script>\n<!-- \/ Yoast SEO plugin. -->","yoast_head_json":{"title":"Rekruttering til forbruker- og varehandelsbransjen","description":"Bruk v\u00e5r ekspertise og erfaring til \u00e5 rekruttere og beholde de beste lederne, interimlederne og spesialistene innen varehandel og FMCG.","robots":{"index":"index","follow":"follow","max-snippet":"max-snippet:-1","max-image-preview":"max-image-preview:large","max-video-preview":"max-video-preview:-1"},"canonical":"https:\/\/www.compasshrg.com\/no\/bransjer\/varehandel-fmcg\/","og_locale":"nb_NO","og_type":"article","og_title":"Rekruttering til forbruker- og varehandelsbransjen","og_description":"Bruk v\u00e5r ekspertise og erfaring til \u00e5 rekruttere og beholde de beste lederne, interimlederne og spesialistene innen varehandel og FMCG.","og_url":"https:\/\/www.compasshrg.com\/no\/bransjer\/varehandel-fmcg\/","og_site_name":"Compass HRG","article_publisher":"https:\/\/www.facebook.com\/compasshrgdk","article_modified_time":"2025-10-22T07:31:52+00:00","og_image":[{"width":1920,"height":500,"url":"https:\/\/www.compasshrg.com\/wp-content\/uploads\/2021\/10\/job_consumer-goods_01.jpg","type":"image\/jpeg"}],"twitter_card":"summary_large_image","twitter_misc":{"Ansl. lesetid":"5 minutter"},"schema":{"@context":"https:\/\/schema.org","@graph":[{"@type":"WebPage","@id":"https:\/\/www.compasshrg.com\/no\/bransjer\/varehandel-fmcg\/","url":"https:\/\/www.compasshrg.com\/no\/bransjer\/varehandel-fmcg\/","name":"Rekruttering til forbruker- og varehandelsbransjen","isPartOf":{"@id":"https:\/\/www.compasshrg.com\/no\/#website"},"primaryImageOfPage":{"@id":"https:\/\/www.compasshrg.com\/no\/bransjer\/varehandel-fmcg\/#primaryimage"},"image":{"@id":"https:\/\/www.compasshrg.com\/no\/bransjer\/varehandel-fmcg\/#primaryimage"},"thumbnailUrl":"https:\/\/www.compasshrg.com\/wp-content\/uploads\/2021\/10\/job_consumer-goods_01.jpg","datePublished":"2021-08-24T12:44:42+00:00","dateModified":"2025-10-22T07:31:52+00:00","description":"Bruk v\u00e5r ekspertise og erfaring til \u00e5 rekruttere og beholde de beste lederne, interimlederne og spesialistene innen varehandel og FMCG.","breadcrumb":{"@id":"https:\/\/www.compasshrg.com\/no\/bransjer\/varehandel-fmcg\/#breadcrumb"},"inLanguage":"nb-NO","potentialAction":[{"@type":"ReadAction","target":["https:\/\/www.compasshrg.com\/no\/bransjer\/varehandel-fmcg\/"]}]},{"@type":"ImageObject","inLanguage":"nb-NO","@id":"https:\/\/www.compasshrg.com\/no\/bransjer\/varehandel-fmcg\/#primaryimage","url":"https:\/\/www.compasshrg.com\/wp-content\/uploads\/2021\/10\/job_consumer-goods_01.jpg","contentUrl":"https:\/\/www.compasshrg.com\/wp-content\/uploads\/2021\/10\/job_consumer-goods_01.jpg","width":1920,"height":500},{"@type":"BreadcrumbList","@id":"https:\/\/www.compasshrg.com\/no\/bransjer\/varehandel-fmcg\/#breadcrumb","itemListElement":[{"@type":"ListItem","position":1,"name":"Compass HRG","item":"https:\/\/www.compasshrg.com\/no\/"},{"@type":"ListItem","position":2,"name":"Varehandel\/FMCG"}]},{"@type":"WebSite","@id":"https:\/\/www.compasshrg.com\/no\/#website","url":"https:\/\/www.compasshrg.com\/no\/","name":"Compass HRG","description":"Your HR Service Partner","publisher":{"@id":"https:\/\/www.compasshrg.com\/no\/#organization"},"potentialAction":[{"@type":"SearchAction","target":{"@type":"EntryPoint","urlTemplate":"https:\/\/www.compasshrg.com\/no\/?s={search_term_string}"},"query-input":{"@type":"PropertyValueSpecification","valueRequired":true,"valueName":"search_term_string"}}],"inLanguage":"nb-NO"},{"@type":"Organization","@id":"https:\/\/www.compasshrg.com\/no\/#organization","name":"Compass HRG","url":"https:\/\/www.compasshrg.com\/no\/","logo":{"@type":"ImageObject","inLanguage":"nb-NO","@id":"https:\/\/www.compasshrg.com\/no\/#\/schema\/logo\/image\/","url":"","contentUrl":"","caption":"Compass HRG"},"image":{"@id":"https:\/\/www.compasshrg.com\/no\/#\/schema\/logo\/image\/"},"sameAs":["https:\/\/www.facebook.com\/compasshrgdk"]}]}},"_links":{"self":[{"href":"https:\/\/www.compasshrg.com\/no\/wp-json\/wp\/v2\/pages\/42748","targetHints":{"allow":["GET"]}}],"collection":[{"href":"https:\/\/www.compasshrg.com\/no\/wp-json\/wp\/v2\/pages"}],"about":[{"href":"https:\/\/www.compasshrg.com\/no\/wp-json\/wp\/v2\/types\/page"}],"author":[{"embeddable":true,"href":"https:\/\/www.compasshrg.com\/no\/wp-json\/wp\/v2\/users\/60"}],"replies":[{"embeddable":true,"href":"https:\/\/www.compasshrg.com\/no\/wp-json\/wp\/v2\/comments?post=42748"}],"version-history":[{"count":23,"href":"https:\/\/www.compasshrg.com\/no\/wp-json\/wp\/v2\/pages\/42748\/revisions"}],"predecessor-version":[{"id":279605,"href":"https:\/\/www.compasshrg.com\/no\/wp-json\/wp\/v2\/pages\/42748\/revisions\/279605"}],"up":[{"embeddable":true,"href":"https:\/\/www.compasshrg.com\/no\/wp-json\/wp\/v2\/pages\/42721"}],"wp:featuredmedia":[{"embeddable":true,"href":"https:\/\/www.compasshrg.com\/no\/wp-json\/wp\/v2\/media\/52637"}],"wp:attachment":[{"href":"https:\/\/www.compasshrg.com\/no\/wp-json\/wp\/v2\/media?parent=42748"}],"curies":[{"name":"wp","href":"https:\/\/api.w.org\/{rel}","templated":true}]}}